{"id":1182,"date":"2022-02-16T13:30:25","date_gmt":"2022-02-16T12:30:25","guid":{"rendered":"https:\/\/www.plaintec.com\/inicio\/"},"modified":"2025-09-08T08:32:10","modified_gmt":"2025-09-08T06:32:10","slug":"inicio","status":"publish","type":"page","link":"https:\/\/www.plaintec.com\/pt-pt\/","title":{"rendered":"Inicio"},"content":{"rendered":"<div class=\"wpb-content-wrapper\"><p>[vc_row unlock_row_content=&#8221;yes&#8221; row_height_percent=&#8221;0&#8243; override_padding=&#8221;yes&#8221; h_padding=&#8221;0&#8243; top_padding=&#8221;7&#8243; bottom_padding=&#8221;5&#8243; back_color=&#8221;color-xsdn&#8221; overlay_alpha=&#8221;50&#8243; gutter_size=&#8221;4&#8243; column_width_percent=&#8221;100&#8243; shift_y=&#8221;0&#8243; z_index=&#8221;0&#8243; uncode_shortcode_id=&#8221;194003&#8243; back_color_type=&#8221;uncode-palette&#8221; el_class=&#8221;fila-plaintec&#8221;][vc_column column_width_percent=&#8221;100&#8243; position_vertical=&#8221;bottom&#8221; gutter_size=&#8221;3&#8243; overlay_alpha=&#8221;50&#8243; shift_x=&#8221;0&#8243; shift_y=&#8221;0&#8243; shift_y_down=&#8221;0&#8243; z_index=&#8221;0&#8243; medium_width=&#8221;0&#8243; mobile_width=&#8221;0&#8243; css_animation=&#8221;alpha-anim&#8221; animation_speed=&#8221;1000&#8243; animation_delay=&#8221;200&#8243; width=&#8221;1\/1&#8243; uncode_shortcode_id=&#8221;156862&#8243;][vc_row_inner row_inner_height_percent=&#8221;0&#8243; overlay_alpha=&#8221;50&#8243; gutter_size=&#8221;4&#8243; shift_y=&#8221;0&#8243; z_index=&#8221;2&#8243; limit_content=&#8221;&#8221; uncode_shortcode_id=&#8221;408892&#8243;][vc_column_inner column_width_percent=&#8221;100&#8243; gutter_size=&#8221;3&#8243; overlay_alpha=&#8221;50&#8243; shift_x=&#8221;0&#8243; shift_y=&#8221;0&#8243; shift_y_down=&#8221;0&#8243; z_index=&#8221;0&#8243; medium_visibility=&#8221;yes&#8221; medium_width=&#8221;0&#8243; mobile_visibility=&#8221;yes&#8221; mobile_width=&#8221;0&#8243; width=&#8221;1\/4&#8243; uncode_shortcode_id=&#8221;109174&#8243;][\/vc_column_inner][vc_column_inner column_width_percent=&#8221;100&#8243; align_horizontal=&#8221;align_center&#8221; gutter_size=&#8221;3&#8243; override_padding=&#8221;yes&#8221; column_padding=&#8221;2&#8243; overlay_alpha=&#8221;50&#8243; shift_x=&#8221;0&#8243; shift_y=&#8221;0&#8243; shift_y_down=&#8221;0&#8243; z_index=&#8221;10&#8243; medium_width=&#8221;0&#8243; mobile_width=&#8221;0&#8243; width=&#8221;1\/2&#8243; uncode_shortcode_id=&#8221;143175&#8243;][vc_single_image media=&#8221;79&#8243; media_width_use_pixel=&#8221;yes&#8221; alignment=&#8221;center&#8221; uncode_shortcode_id=&#8221;197081&#8243; el_class=&#8221;logo-cabecera&#8221; media_width_pixel=&#8221;500&#8243;][\/vc_column_inner][vc_column_inner column_width_percent=&#8221;100&#8243; gutter_size=&#8221;3&#8243; overlay_alpha=&#8221;50&#8243; shift_x=&#8221;0&#8243; shift_y=&#8221;0&#8243; shift_y_down=&#8221;0&#8243; z_index=&#8221;0&#8243; medium_visibility=&#8221;yes&#8221; medium_width=&#8221;0&#8243; mobile_visibility=&#8221;yes&#8221; mobile_width=&#8221;0&#8243; width=&#8221;1\/4&#8243; uncode_shortcode_id=&#8221;148609&#8243;][\/vc_column_inner][\/vc_row_inner][vc_row_inner row_inner_height_percent=&#8221;0&#8243; overlay_alpha=&#8221;50&#8243; gutter_size=&#8221;4&#8243; shift_y=&#8221;0&#8243; z_index=&#8221;2&#8243; limit_content=&#8221;&#8221; uncode_shortcode_id=&#8221;127707&#8243; el_class=&#8221;fila-linea&#8221;][vc_column_inner column_width_percent=&#8221;100&#8243; gutter_size=&#8221;3&#8243; override_padding=&#8221;yes&#8221; column_padding=&#8221;0&#8243; overlay_alpha=&#8221;50&#8243; shift_x=&#8221;0&#8243; shift_y=&#8221;-5&#8243; shift_y_fixed=&#8221;yes&#8221; shift_y_down=&#8221;0&#8243; z_index=&#8221;0&#8243; medium_width=&#8221;0&#8243; mobile_width=&#8221;0&#8243; width=&#8221;1\/1&#8243; uncode_shortcode_id=&#8221;121711&#8243; el_class=&#8221;colum-linea&#8221;][vc_raw_html el_class=&#8221;linea-animacion&#8221;]JTNDc3ZnJTIwY2xhc3MlM0QlMjJzdmctbGluZWElMjIlMjB4bWxucyUzRCUyMmh0dHAlM0ElMkYlMkZ3d3cudzMub3JnJTJGMjAwMCUyRnN2ZyUyMiUyMHdpZHRoJTNEJTIyMzUyMC43ODElMjIlMjBoZWlnaHQlM0QlMjIzNTQuNSUyMiUyMHZpZXdCb3glM0QlMjIwJTIwMCUyMDM1MjAuNzgxJTIwMzU0LjUlMjIlM0UlMEElMjAlMjAlM0NwYXRoJTIwY2xhc3MlM0QlMjJsaW5lYSUyMiUyMGlkJTNEJTIyVHJhemFkb18xMzQlMjIlMjBkYXRhLW5hbWUlM0QlMjJUcmF6YWRvJTIwMTM0JTIyJTIwZCUzRCUyMk0wJTJDMUgxMzkuNDUyTDM3OS41MDklMkMzNTMuNUgzNTIwLjc4MSUyMiUyMGZpbGwlM0QlMjJub25lJTIyJTIwc3Ryb2tlJTNEJTIyJTIzMDQwNDA1JTIyJTIwc3Ryb2tlLW1pdGVybGltaXQlM0QlMjIxMCUyMiUyMHN0cm9rZS13aWR0aCUzRCUyMjIlMjIlMkYlM0UlMEElM0MlMkZzdmclM0U=[\/vc_raw_html][\/vc_column_inner][\/vc_row_inner][vc_empty_space empty_h=&#8221;2&#8243;][\/vc_column][\/vc_row][vc_row row_height_percent=&#8221;100&#8243; override_padding=&#8221;yes&#8221; h_padding=&#8221;2&#8243; top_padding=&#8221;7&#8243; bottom_padding=&#8221;7&#8243; back_image=&#8221;1349&#8243; overlay_alpha=&#8221;50&#8243; gutter_size=&#8221;3&#8243; column_width_percent=&#8221;100&#8243; shift_y=&#8221;0&#8243; z_index=&#8221;0&#8243; inverted_device_order=&#8221;yes&#8221; uncode_shortcode_id=&#8221;214086&#8243; row_height_pixel=&#8221;1300&#8243; el_class=&#8221;fila-sede&#8221;][vc_column width=&#8221;2\/3&#8243;][\/vc_column][vc_column column_width_percent=&#8221;100&#8243; gutter_size=&#8221;3&#8243; overlay_alpha=&#8221;50&#8243; shift_x=&#8221;0&#8243; shift_y=&#8221;0&#8243; shift_y_down=&#8221;0&#8243; z_index=&#8221;0&#8243; medium_width=&#8221;0&#8243; mobile_width=&#8221;0&#8243; width=&#8221;1\/3&#8243; uncode_shortcode_id=&#8221;373700&#8243;][vc_custom_heading text_color=&#8221;color-xsdn&#8221; heading_semantic=&#8221;h4&#8243; text_size=&#8221;substitulo-h4&#8243; text_height=&#8221;font-lineheight-14&#8243; uncode_shortcode_id=&#8221;782322&#8243; text_color_type=&#8221;uncode-palette&#8221;]A PLAINTEC nasce en 1999, fruto da inquieta\u00e7\u00e3o de um grupo de jovens t\u00e9cnicos, com o objetivo de oferecer novas soluc\u00f5es e m\u00e9todos de trabalho a um setor maduro como o da constru\u00e7\u00e3o.[\/vc_custom_heading][\/vc_column][\/vc_row][vc_row row_height_percent=&#8221;0&#8243; override_padding=&#8221;yes&#8221; h_padding=&#8221;2&#8243; top_padding=&#8221;0&#8243; bottom_padding=&#8221;0&#8243; overlay_alpha=&#8221;50&#8243; gutter_size=&#8221;4&#8243; column_width_percent=&#8221;100&#8243; shift_y=&#8221;0&#8243; z_index=&#8221;0&#8243; uncode_shortcode_id=&#8221;112094&#8243; row_name=&#8221;plaintec&#8221;][vc_column column_width_percent=&#8221;100&#8243; position_vertical=&#8221;bottom&#8221; gutter_size=&#8221;4&#8243; overlay_alpha=&#8221;50&#8243; shift_x=&#8221;0&#8243; shift_y=&#8221;0&#8243; shift_y_down=&#8221;0&#8243; z_index=&#8221;0&#8243; medium_width=&#8221;0&#8243; mobile_width=&#8221;0&#8243; width=&#8221;1\/2&#8243; uncode_shortcode_id=&#8221;210356&#8243;][vc_empty_space empty_h=&#8221;3&#8243;][vc_custom_heading text_color=&#8221;color-jevc&#8221; heading_semantic=&#8221;h1&#8243; text_size=&#8221;titulo-h1&#8243; text_weight=&#8221;400&#8243; text_transform=&#8221;uppercase&#8221; uncode_shortcode_id=&#8221;104200&#8243; text_color_type=&#8221;uncode-palette&#8221;]01 <span class=\"titulo-especial2\">\/ SOBRE A PLAINTEC<\/span>[\/vc_custom_heading][\/vc_column][vc_column column_width_percent=&#8221;100&#8243; gutter_size=&#8221;3&#8243; overlay_alpha=&#8221;50&#8243; shift_x=&#8221;0&#8243; shift_y=&#8221;-4&#8243; shift_y_down=&#8221;0&#8243; z_index=&#8221;0&#8243; medium_visibility=&#8221;yes&#8221; medium_width=&#8221;0&#8243; mobile_visibility=&#8221;yes&#8221; mobile_width=&#8221;0&#8243; width=&#8221;1\/2&#8243; uncode_shortcode_id=&#8221;185839&#8243;][vc_single_image media=&#8221;87&#8243; media_width_percent=&#8221;100&#8243; uncode_shortcode_id=&#8221;132947&#8243;][\/vc_column][\/vc_row][vc_row row_height_percent=&#8221;0&#8243; override_padding=&#8221;yes&#8221; h_padding=&#8221;2&#8243; top_padding=&#8221;5&#8243; bottom_padding=&#8221;7&#8243; back_color=&#8221;color-xsdn&#8221; overlay_alpha=&#8221;50&#8243; gutter_size=&#8221;4&#8243; column_width_percent=&#8221;100&#8243; shift_y=&#8221;0&#8243; z_index=&#8221;0&#8243; uncode_shortcode_id=&#8221;139037&#8243; back_color_type=&#8221;uncode-palette&#8221; el_class=&#8221;no-padding&#8221;][vc_column column_width_percent=&#8221;100&#8243; gutter_size=&#8221;4&#8243; overlay_alpha=&#8221;50&#8243; shift_x=&#8221;0&#8243; shift_y=&#8221;0&#8243; shift_y_down=&#8221;0&#8243; z_index=&#8221;0&#8243; medium_width=&#8221;0&#8243; mobile_width=&#8221;0&#8243; width=&#8221;1\/2&#8243; uncode_shortcode_id=&#8221;166341&#8243; el_class=&#8221;margin-izq&#8221;][vc_custom_heading heading_semantic=&#8221;h3&#8243; text_size=&#8221;seccion-h3&#8243; text_transform=&#8221;uppercase&#8221; text_height=&#8221;font-lineheight-14&#8243; uncode_shortcode_id=&#8221;208586&#8243;]TRABALHAMOS COM EFICI\u00eaNCIA , COMPROMISSO COM OS NOSSOS CLIENTES E RESPEITO PELOS AOS MATERIAIS, MEIO AMBIENTE E SOCIEDADE, FORNECENDO UM VALOR ACRESENTADO A CADA ESPA\u00c7O.[\/vc_custom_heading][\/vc_column][vc_column column_width_percent=&#8221;100&#8243; gutter_size=&#8221;3&#8243; overlay_alpha=&#8221;50&#8243; shift_x=&#8221;0&#8243; shift_y=&#8221;0&#8243; shift_y_down=&#8221;0&#8243; z_index=&#8221;0&#8243; medium_width=&#8221;0&#8243; mobile_width=&#8221;0&#8243; width=&#8221;1\/2&#8243; uncode_shortcode_id=&#8221;124645&#8243; el_class=&#8221;margin-izq&#8221;][vc_row_inner][vc_column_inner column_width_percent=&#8221;100&#8243; gutter_size=&#8221;3&#8243; overlay_alpha=&#8221;50&#8243; shift_x=&#8221;0&#8243; shift_y=&#8221;0&#8243; shift_y_down=&#8221;0&#8243; z_index=&#8221;0&#8243; medium_width=&#8221;0&#8243; mobile_width=&#8221;0&#8243; width=&#8221;1\/4&#8243; uncode_shortcode_id=&#8221;526108&#8243; el_class=&#8221;colum-oculta&#8221;][\/vc_column_inner][vc_column_inner width=&#8221;3\/4&#8243;][vc_column_text uncode_shortcode_id=&#8221;126412&#8243; el_class=&#8221;ancho-texto&#8221;]<\/p>\n<p class=\"p1\">Damos resposta \u00e1s mais modernas necesidades construtivas com solu\u00e7\u00f5es eficientes e sustentav\u00e9is em qualquer tipolog\u00eda de obra, tanto em obras novas, como em obras de reabilita\u00e7\u00e3o. Especialistas em armaz\u00e9ns industriais, canal Contract (setor hoteleiro, restaura\u00e7\u00e3o, escrit\u00f3rios), sector retail, edificios residenciais e obras p\u00fablicas. Priorizamos o atendimento personalizado a todos os nossos clientes.<\/p>\n<p>[\/vc_column_text][\/vc_column_inner][\/vc_row_inner][\/vc_column][\/vc_row][vc_row row_height_percent=&#8221;0&#8243; override_padding=&#8221;yes&#8221; h_padding=&#8221;2&#8243; top_padding=&#8221;2&#8243; bottom_padding=&#8221;2&#8243; overlay_alpha=&#8221;50&#8243; gutter_size=&#8221;4&#8243; column_width_percent=&#8221;100&#8243; shift_y=&#8221;0&#8243; z_index=&#8221;0&#8243; desktop_visibility=&#8221;yes&#8221; uncode_shortcode_id=&#8221;102450&#8243;][vc_column column_width_percent=&#8221;100&#8243; gutter_size=&#8221;4&#8243; overlay_alpha=&#8221;50&#8243; shift_x=&#8221;0&#8243; shift_y=&#8221;0&#8243; shift_y_down=&#8221;0&#8243; z_index=&#8221;0&#8243; medium_width=&#8221;0&#8243; mobile_width=&#8221;0&#8243; width=&#8221;1\/1&#8243; uncode_shortcode_id=&#8221;253570&#8243;][vc_single_image media=&#8221;87&#8243; media_width_percent=&#8221;100&#8243; uncode_shortcode_id=&#8221;132947&#8243;][vc_single_image media=&#8221;127&#8243; media_width_percent=&#8221;100&#8243; uncode_shortcode_id=&#8221;175325&#8243;][vc_single_image media=&#8221;119&#8243; media_width_percent=&#8221;100&#8243; uncode_shortcode_id=&#8221;114367&#8243;][vc_single_image media=&#8221;125&#8243; media_width_percent=&#8221;100&#8243; uncode_shortcode_id=&#8221;125269&#8243;][\/vc_column][\/vc_row][vc_row unlock_row_content=&#8221;yes&#8221; row_height_percent=&#8221;0&#8243; override_padding=&#8221;yes&#8221; h_padding=&#8221;0&#8243; top_padding=&#8221;2&#8243; bottom_padding=&#8221;2&#8243; overlay_alpha=&#8221;50&#8243; gutter_size=&#8221;0&#8243; column_width_percent=&#8221;100&#8243; shift_y=&#8221;0&#8243; z_index=&#8221;0&#8243; medium_visibility=&#8221;yes&#8221; mobile_visibility=&#8221;yes&#8221; uncode_shortcode_id=&#8221;107655&#8243;][vc_column column_width_percent=&#8221;100&#8243; position_vertical=&#8221;middle&#8221; gutter_size=&#8221;4&#8243; overlay_alpha=&#8221;50&#8243; shift_x=&#8221;0&#8243; shift_y=&#8221;0&#8243; shift_y_down=&#8221;0&#8243; z_index=&#8221;0&#8243; medium_width=&#8221;0&#8243; mobile_width=&#8221;0&#8243; width=&#8221;1\/3&#8243; uncode_shortcode_id=&#8221;211850&#8243;][vc_single_image media=&#8221;127&#8243; media_width_percent=&#8221;100&#8243; uncode_shortcode_id=&#8221;175325&#8243;][\/vc_column][vc_column width=&#8221;1\/3&#8243;][vc_single_image media=&#8221;119&#8243; media_width_percent=&#8221;100&#8243; uncode_shortcode_id=&#8221;114367&#8243;][\/vc_column][vc_column column_width_percent=&#8221;100&#8243; position_vertical=&#8221;middle&#8221; gutter_size=&#8221;3&#8243; overlay_alpha=&#8221;50&#8243; shift_x=&#8221;0&#8243; shift_y=&#8221;0&#8243; shift_y_down=&#8221;0&#8243; z_index=&#8221;0&#8243; medium_width=&#8221;0&#8243; mobile_width=&#8221;0&#8243; width=&#8221;1\/3&#8243; uncode_shortcode_id=&#8221;119488&#8243;][vc_single_image media=&#8221;125&#8243; media_width_percent=&#8221;100&#8243; uncode_shortcode_id=&#8221;125269&#8243;][\/vc_column][\/vc_row][vc_row row_height_percent=&#8221;0&#8243; override_padding=&#8221;yes&#8221; h_padding=&#8221;2&#8243; top_padding=&#8221;7&#8243; bottom_padding=&#8221;7&#8243; overlay_alpha=&#8221;50&#8243; gutter_size=&#8221;3&#8243; column_width_percent=&#8221;100&#8243; shift_y=&#8221;0&#8243; z_index=&#8221;0&#8243; uncode_shortcode_id=&#8221;850560&#8243;][vc_column width=&#8221;1\/1&#8243;][vc_row_inner row_inner_height_percent=&#8221;0&#8243; overlay_alpha=&#8221;50&#8243; gutter_size=&#8221;4&#8243; shift_y=&#8221;0&#8243; z_index=&#8221;0&#8243; inverted_device_order=&#8221;yes&#8221; uncode_shortcode_id=&#8221;144077&#8243;][vc_column_inner column_width_percent=&#8221;100&#8243; gutter_size=&#8221;3&#8243; overlay_alpha=&#8221;50&#8243; shift_x=&#8221;0&#8243; shift_y=&#8221;0&#8243; shift_y_down=&#8221;0&#8243; z_index=&#8221;0&#8243; medium_width=&#8221;0&#8243; mobile_width=&#8221;0&#8243; width=&#8221;1\/2&#8243; uncode_shortcode_id=&#8221;195738&#8243; el_class=&#8221;margin-izq&#8221;][vc_column_text uncode_shortcode_id=&#8221;124760&#8243; el_class=&#8221;ancho-texto&#8221;]Dispomos das ferramentas mais avan\u00e7adas de controlo, desenho e gest\u00e3o para otimizar o rendimento dos recursos. Com um atendimento personalizado com a e nossa filosof\u00eda de trabalho Lean Construction, oferecemos aos nossos clientes um compromisso firme no cumprimento de prazos.[\/vc_column_text][\/vc_column_inner][vc_column_inner width=&#8221;1\/2&#8243;][vc_custom_heading heading_semantic=&#8221;h3&#8243; text_size=&#8221;seccion-h3&#8243; text_transform=&#8221;uppercase&#8221; text_height=&#8221;font-lineheight-14&#8243; uncode_shortcode_id=&#8221;985614&#8243;]CONTAMOS COM UMA EQUIPA MULTIDISCIPLINAR, QUALIFICADA E DIN\u00c2MICA. O NOSSO PONTO FORTE: ESTAMOS COMPROMETIDOS COM O OBJETIVO DE CONSEGUIR A M\u00c1XIMA SATISFA\u00c7\u00c3O DOS NOSSOS CLIENTES, GERAMOS UMA CONFIAN\u00c7A QUE PERDURA MAIS AL\u00c9M DO PROJETO.[\/vc_custom_heading][\/vc_column_inner][\/vc_row_inner][\/vc_column][\/vc_row][vc_row unlock_row_content=&#8221;yes&#8221; row_height_percent=&#8221;0&#8243; override_padding=&#8221;yes&#8221; h_padding=&#8221;5&#8243; top_padding=&#8221;5&#8243; bottom_padding=&#8221;5&#8243; back_image=&#8221;372&#8243; overlay_alpha=&#8221;50&#8243; gutter_size=&#8221;3&#8243; column_width_percent=&#8221;100&#8243; shift_y=&#8221;0&#8243; z_index=&#8221;0&#8243; uncode_shortcode_id=&#8221;125795&#8243;][vc_column column_width_percent=&#8221;100&#8243; position_vertical=&#8221;middle&#8221; align_horizontal=&#8221;align_center&#8221; gutter_size=&#8221;3&#8243; overlay_alpha=&#8221;50&#8243; shift_x=&#8221;0&#8243; shift_y=&#8221;0&#8243; shift_y_down=&#8221;0&#8243; z_index=&#8221;0&#8243; medium_width=&#8221;0&#8243; mobile_width=&#8221;0&#8243; width=&#8221;1\/4&#8243; uncode_shortcode_id=&#8221;963182&#8243;][uncode_counter value=&#8221;26&#8243; counter_color=&#8221;color-xsdn&#8221; size=&#8221;numeros-contadores&#8221; weight=&#8221;700&#8243; transform=&#8221;uppercase&#8221; text=&#8221;Anos de hist\u00f3ria&#8221; uncode_shortcode_id=&#8221;108290&#8243; counter_color_type=&#8221;uncode-palette&#8221; el_class=&#8221;contador&#8221;][\/vc_column][vc_column column_width_percent=&#8221;100&#8243; position_vertical=&#8221;middle&#8221; align_horizontal=&#8221;align_center&#8221; gutter_size=&#8221;3&#8243; overlay_alpha=&#8221;50&#8243; shift_x=&#8221;0&#8243; shift_y=&#8221;0&#8243; shift_y_down=&#8221;0&#8243; z_index=&#8221;0&#8243; medium_width=&#8221;0&#8243; mobile_width=&#8221;0&#8243; width=&#8221;1\/4&#8243; uncode_shortcode_id=&#8221;151560&#8243;][uncode_counter value=&#8221;2050&#8243; counter_color=&#8221;color-xsdn&#8221; size=&#8221;numeros-contadores&#8221; weight=&#8221;700&#8243; transform=&#8221;uppercase&#8221; text=&#8221;Projetos&#8221; uncode_shortcode_id=&#8221;134083&#8243; counter_color_type=&#8221;uncode-palette&#8221; el_class=&#8221;contador&#8221;][\/vc_column][vc_column column_width_percent=&#8221;100&#8243; position_vertical=&#8221;middle&#8221; align_horizontal=&#8221;align_center&#8221; gutter_size=&#8221;3&#8243; overlay_alpha=&#8221;50&#8243; shift_x=&#8221;0&#8243; shift_y=&#8221;0&#8243; shift_y_down=&#8221;0&#8243; z_index=&#8221;0&#8243; medium_width=&#8221;0&#8243; mobile_width=&#8221;0&#8243; width=&#8221;1\/4&#8243; uncode_shortcode_id=&#8221;497619&#8243;][uncode_counter value=&#8221;3&#8243; counter_color=&#8221;color-xsdn&#8221; size=&#8221;numeros-contadores&#8221; weight=&#8221;700&#8243; transform=&#8221;uppercase&#8221; text=&#8221;Sedes&#8221; uncode_shortcode_id=&#8221;623067&#8243; counter_color_type=&#8221;uncode-palette&#8221; el_class=&#8221;contador&#8221;][\/vc_column][vc_column column_width_percent=&#8221;100&#8243; position_vertical=&#8221;middle&#8221; align_horizontal=&#8221;align_center&#8221; gutter_size=&#8221;3&#8243; overlay_alpha=&#8221;50&#8243; shift_x=&#8221;0&#8243; shift_y=&#8221;0&#8243; shift_y_down=&#8221;0&#8243; z_index=&#8221;0&#8243; medium_width=&#8221;0&#8243; mobile_width=&#8221;0&#8243; width=&#8221;1\/4&#8243; uncode_shortcode_id=&#8221;185830&#8243;][uncode_counter value=&#8221;129&#8243; counter_color=&#8221;color-xsdn&#8221; size=&#8221;numeros-contadores&#8221; weight=&#8221;700&#8243; transform=&#8221;uppercase&#8221; text=&#8221;Colaboradores&#8221; uncode_shortcode_id=&#8221;192790&#8243; counter_color_type=&#8221;uncode-palette&#8221; el_class=&#8221;contador&#8221;][\/vc_column][\/vc_row][vc_row row_height_percent=&#8221;0&#8243; override_padding=&#8221;yes&#8221; h_padding=&#8221;2&#8243; top_padding=&#8221;7&#8243; bottom_padding=&#8221;7&#8243; overlay_alpha=&#8221;50&#8243; gutter_size=&#8221;4&#8243; column_width_percent=&#8221;100&#8243; shift_y=&#8221;0&#8243; z_index=&#8221;0&#8243; uncode_shortcode_id=&#8221;167483&#8243;][vc_column column_width_percent=&#8221;100&#8243; gutter_size=&#8221;3&#8243; overlay_alpha=&#8221;50&#8243; shift_x=&#8221;0&#8243; shift_y=&#8221;0&#8243; shift_y_down=&#8221;0&#8243; z_index=&#8221;0&#8243; medium_width=&#8221;0&#8243; mobile_width=&#8221;0&#8243; width=&#8221;1\/2&#8243; uncode_shortcode_id=&#8221;699772&#8243; el_class=&#8221;margin-izq&#8221;][vc_custom_heading heading_semantic=&#8221;h3&#8243; text_size=&#8221;seccion-h3&#8243; text_transform=&#8221;uppercase&#8221; text_height=&#8221;font-lineheight-14&#8243; uncode_shortcode_id=&#8221;185085&#8243;]A PLAINTEC TEM COMO ESTRATEGIA CORPORATIVA PROMOVER O DESENVOLVIMENTO SUSTENT\u00c1VEL E A MELHORIA DA SOCIEDADE, GERANDO RIQUEZA PARA GARANTIR O BEM-ESTAR DAS PESSOAS.[\/vc_custom_heading][\/vc_column][vc_column column_width_percent=&#8221;100&#8243; gutter_size=&#8221;3&#8243; overlay_alpha=&#8221;50&#8243; shift_x=&#8221;0&#8243; shift_y=&#8221;0&#8243; shift_y_down=&#8221;0&#8243; z_index=&#8221;0&#8243; medium_width=&#8221;0&#8243; mobile_width=&#8221;0&#8243; width=&#8221;1\/2&#8243; uncode_shortcode_id=&#8221;418306&#8243; el_class=&#8221;margin-izq&#8221;][vc_custom_heading heading_semantic=&#8221;h3&#8243; text_size=&#8221;seccion-h3&#8243; text_transform=&#8221;uppercase&#8221; text_height=&#8221;font-lineheight-14&#8243; uncode_shortcode_id=&#8221;107002&#8243;]QUER SABER MAIS?[\/vc_custom_heading][vc_icon position=&#8221;left&#8221; space_reduced=&#8221;yes&#8221; icon_image=&#8221;616&#8243; heading_semantic=&#8221;p&#8221; text_size=&#8221;text-normal&#8221; linked_title=&#8221;yes&#8221; uncode_shortcode_id=&#8221;203499&#8243; title=&#8221;Descarregue o nosso Dossier&#8221; link=&#8221;url:https%3A%2F%2Fwww.plaintec.com%2Fwp-content%2Fuploads%2F2025%2F09%2FDossier_Plaintec_Web_PT.pdf|target:_blank&#8221;][\/vc_icon][vc_icon position=&#8221;left&#8221; space_reduced=&#8221;yes&#8221; icon_image=&#8221;616&#8243; heading_semantic=&#8221;p&#8221; text_size=&#8221;text-normal&#8221; linked_title=&#8221;yes&#8221; uncode_shortcode_id=&#8221;133615&#8243; title=&#8221;Consulte a nossa Pol\u00edtica de Responsabilidade Social Corporativa&#8221; el_class=&#8221;ancho-texto&#8221; link=&#8221;url:https%3A%2F%2Fwww.plaintec.com%2Fwp-content%2Fuploads%2F2023%2F03%2FResponsabilidad-Social-Corporativa-PT.pdf|target:_blank&#8221;][\/vc_icon][vc_icon position=&#8221;left&#8221; space_reduced=&#8221;yes&#8221; icon_image=&#8221;616&#8243; heading_semantic=&#8221;p&#8221; text_size=&#8221;text-normal&#8221; linked_title=&#8221;yes&#8221; uncode_shortcode_id=&#8221;180008&#8243; title=&#8221;Consulta nuestra Pol\u00edtica de Calidad&#8221; el_class=&#8221;ancho-texto&#8221; link=&#8221;url:https%3A%2F%2Fwww.plaintec.com%2Fwp-content%2Fuploads%2F2025%2F05%2FF-00.01-Politica-SIG-Rev.-04_PT-1.pdf|target:_blank&#8221;][\/vc_icon][\/vc_column][\/vc_row][vc_row row_height_percent=&#8221;0&#8243; override_padding=&#8221;yes&#8221; h_padding=&#8221;2&#8243; top_padding=&#8221;7&#8243; bottom_padding=&#8221;7&#8243; back_color=&#8221;color-nhtu&#8221; overlay_alpha=&#8221;50&#8243; gutter_size=&#8221;4&#8243; column_width_percent=&#8221;100&#8243; shift_y=&#8221;0&#8243; z_index=&#8221;0&#8243; uncode_shortcode_id=&#8221;163280&#8243; back_color_type=&#8221;uncode-palette&#8221; row_name=&#8221;projetos-selecionados&#8221;][vc_column column_width_percent=&#8221;100&#8243; gutter_size=&#8221;4&#8243; style=&#8221;dark&#8221; overlay_alpha=&#8221;50&#8243; shift_x=&#8221;0&#8243; shift_y=&#8221;0&#8243; shift_y_down=&#8221;0&#8243; z_index=&#8221;0&#8243; medium_width=&#8221;0&#8243; mobile_width=&#8221;0&#8243; width=&#8221;8\/12&#8243; uncode_shortcode_id=&#8221;825178&#8243;][vc_custom_heading heading_semantic=&#8221;h1&#8243; text_size=&#8221;titulo-h1&#8243; text_weight=&#8221;400&#8243; text_transform=&#8221;uppercase&#8221; uncode_shortcode_id=&#8221;501386&#8243;]02 <span class=\"titulo-especial2\">\/ Obras<\/span>[\/vc_custom_heading][uncode_index el_id=&#8221;index-207808&#8243; index_type=&#8221;titles&#8221; loop=&#8221;size:All|order_by:date|post_type:portfolio|tax_query:36|taxonomy_count:10&#8243; gutter_size=&#8221;2&#8243; drop_width=&#8221;6&#8243; drop_ratio=&#8221;three-two&#8221; drop_anchor=&#8221;middle-left&#8221; drop_image_time=&#8221;250&#8243; drop_radius=&#8221;&#8221; drop_image_hover=&#8221;opacity&#8221; single_style=&#8221;dark&#8221; single_title_semantic=&#8221;div&#8221; single_title_dimension=&#8221;titulos-grandes&#8221; single_title_transform=&#8221;uppercase&#8221; titles_gap_reduced_mobile=&#8221;yes&#8221; drop_image_index=&#8221;yes&#8221; uncode_shortcode_id=&#8221;924310&#8243;][\/vc_column][vc_column column_width_percent=&#8221;100&#8243; gutter_size=&#8221;3&#8243; overlay_alpha=&#8221;50&#8243; shift_x=&#8221;0&#8243; shift_y=&#8221;0&#8243; shift_y_down=&#8221;0&#8243; z_index=&#8221;0&#8243; medium_visibility=&#8221;yes&#8221; medium_width=&#8221;0&#8243; mobile_visibility=&#8221;yes&#8221; mobile_width=&#8221;0&#8243; width=&#8221;4\/12&#8243; uncode_shortcode_id=&#8221;103128&#8243;][\/vc_column][\/vc_row][vc_row row_height_percent=&#8221;0&#8243; override_padding=&#8221;yes&#8221; h_padding=&#8221;2&#8243; top_padding=&#8221;5&#8243; bottom_padding=&#8221;5&#8243; overlay_alpha=&#8221;50&#8243; gutter_size=&#8221;3&#8243; column_width_percent=&#8221;100&#8243; shift_y=&#8221;0&#8243; z_index=&#8221;0&#8243; uncode_shortcode_id=&#8221;422073&#8243; row_name=&#8221;certificados&#8221;][vc_column column_width_percent=&#8221;100&#8243; gutter_size=&#8221;3&#8243; overlay_alpha=&#8221;50&#8243; shift_x=&#8221;0&#8243; shift_y=&#8221;0&#8243; shift_y_down=&#8221;0&#8243; z_index=&#8221;0&#8243; medium_width=&#8221;0&#8243; mobile_width=&#8221;0&#8243; width=&#8221;1\/1&#8243; uncode_shortcode_id=&#8221;947844&#8243;][vc_custom_heading text_color=&#8221;color-jevc&#8221; heading_semantic=&#8221;h1&#8243; text_size=&#8221;titulo-h1&#8243; text_weight=&#8221;400&#8243; text_transform=&#8221;uppercase&#8221; uncode_shortcode_id=&#8221;453641&#8243; text_color_type=&#8221;uncode-palette&#8221;]03 <span class=\"titulo-especial2\">\/ CERTIFICADOS<\/span>[\/vc_custom_heading][vc_empty_space empty_h=&#8221;3&#8243;][vc_row_inner row_inner_height_percent=&#8221;0&#8243; overlay_alpha=&#8221;50&#8243; gutter_size=&#8221;4&#8243; shift_y=&#8221;0&#8243; z_index=&#8221;0&#8243; uncode_shortcode_id=&#8221;190693&#8243;][vc_column_inner width=&#8221;1\/3&#8243;][vc_custom_heading heading_semantic=&#8221;h3&#8243; text_size=&#8221;seccion-h3&#8243; uncode_shortcode_id=&#8221;802422&#8243;]EMPRESA TITULAR DE ALVAR\u00c1 DE EMPREITEIRO DE OBRAS P\u00daBLICAS[\/vc_custom_heading][vc_column_text uncode_shortcode_id=&#8221;200816&#8243;]PLAINTEC possu\u00ed o Alvar\u00e1 de Empreiteiro de Obras P\u00fablicas portugu\u00eas emitido pelo IMPIC (Instituto dos Mercados P\u00fablicos, Imobiliario e da Constru\u00e7\u00e3o), com as seguintes habilita\u00e7\u00f5es para trabalhar en Portugal.<br \/>\n&gt; 1\u00aa Categor\u00eda. Edificios e Patrimonio Construido.<br \/>\n&gt; 2\u00aa Categor\u00eda. V\u00edas de Comunica\u00e7\u00e3o, Obras de Urbaniza\u00e7\u00e3o e Outras Infraestruturas.<br \/>\n&gt; 5\u00aa Categor\u00eda. Outros trabalhos.[\/vc_column_text][vc_icon icon_image=&#8221;383&#8243; media_size=&#8221;300&#8243; uncode_shortcode_id=&#8221;141178&#8243;][\/vc_icon][vc_empty_space empty_h=&#8221;3&#8243;][\/vc_column_inner][vc_column_inner width=&#8221;1\/3&#8243;][vc_custom_heading heading_semantic=&#8221;h3&#8243; text_size=&#8221;seccion-h3&#8243; uncode_shortcode_id=&#8221;856784&#8243;]CERTIFICADO EM QUALIDADE, MEIO AMBIENTE E SA\u00daDE E SEGURAN\u00c7A OCUPACIONAL[\/vc_custom_heading][vc_column_text uncode_shortcode_id=&#8221;625892&#8243;]A PLAINTEC tem implementado um Sistema Integrado de Gest\u00e3o da Qualidade, Meio Ambiente, Seguran\u00e7a e Sa\u00fade no Trabalho e Efici\u00eancia Energ\u00e9tica baseado nas normas internacionais UNE-EN ISO 9001, UNE-EN ISO 14001, UNE-EN ISO 45001 e UNE-EN ISO 50001.<br \/>\nIsto permite-nos influenciar a melhoria cont\u00ednua que sempre tent\u00e1mos manter, e o cumprimento de todos os nossos objectivos, bem como desenvolver uma elevada responsabilidade ambiental, compromisso com a sustentabilidade no dom\u00ednio industrial e reflectir a nossa actividade como segura e saud\u00e1vel, em para perdurar para melhorar o servi\u00e7o que a PLAINTEC presta a todos os seus clientes, bem como para prevenir acidentes de trabalho e problemas de sa\u00fade dos nossos trabalhadores.[\/vc_column_text][vc_icon icon_image=&#8221;11378&#8243; media_size=&#8221;200&#8243; uncode_shortcode_id=&#8221;205168&#8243;][\/vc_icon][vc_empty_space empty_h=&#8221;3&#8243;][\/vc_column_inner][\/vc_row_inner][vc_row_inner row_inner_height_percent=&#8221;0&#8243; overlay_alpha=&#8221;50&#8243; gutter_size=&#8221;4&#8243; shift_y=&#8221;0&#8243; z_index=&#8221;0&#8243; uncode_shortcode_id=&#8221;190693&#8243;][vc_column_inner width=&#8221;1\/3&#8243;][vc_custom_heading heading_semantic=&#8221;h3&#8243; text_size=&#8221;seccion-h3&#8243; uncode_shortcode_id=&#8221;181958&#8243;]EMPRESA CLASIFICADA PELO ESTADO[\/vc_custom_heading][vc_column_text uncode_shortcode_id=&#8221;109554&#8243;]A PLAINTEC figura inscrita como empresa contratista de obras no Registro oficial de Licitadores e Empresas Clasificadas pelo Estado (Ministerio de Econom\u00eda e Finan\u00e7as), conforme as seguintes classifica\u00e7\u00f5es:<\/p>\n<p><strong>&gt; Grupo A:<\/strong> A 01, Demoli\u00e7\u00f5es e Despejos.<br \/>\n<strong>&gt; Grupo C:<\/strong> Edif\u00edcios, todos os subgrupos (C 01 a C 09).<br \/>\n<strong>&gt; Grupo E:<\/strong> E 01, Abastecimentos e Saneamentos. E 07, Obras hidr\u00e1ulicas sem qualifica\u00e7\u00e3o espec\u00edfica.<br \/>\n<strong>&gt; Grupo G:<\/strong> G 05, Sinaliza\u00e7\u00f5es e Balizamentos vi\u00e1rios. G 05, Obras vi\u00e1rias sem qualifica\u00e7\u00e3o espec\u00edfica.<br \/>\n<strong>&gt; Grupo J:<\/strong> J 04, Instala\u00e7\u00f5es Mec\u00e2nicas de Canaliza\u00e7\u00e3o e Sanit\u00e1rias.<br \/>\n<strong>&gt; Grupo K:<\/strong> K 04, Pinturas e Metaliza\u00e7\u00f5es.[\/vc_column_text][vc_icon icon_image=&#8221;385&#8243; media_size=&#8221;300&#8243; uncode_shortcode_id=&#8221;941235&#8243;][\/vc_icon][vc_empty_space empty_h=&#8221;3&#8243;][\/vc_column_inner][\/vc_row_inner][\/vc_column][\/vc_row][vc_row row_height_percent=&#8221;0&#8243; override_padding=&#8221;yes&#8221; h_padding=&#8221;2&#8243; top_padding=&#8221;5&#8243; bottom_padding=&#8221;5&#8243; back_color=&#8221;color-lxmt&#8221; overlay_alpha=&#8221;50&#8243; gutter_size=&#8221;3&#8243; column_width_percent=&#8221;100&#8243; shift_y=&#8221;0&#8243; z_index=&#8221;0&#8243; uncode_shortcode_id=&#8221;279462&#8243; back_color_type=&#8221;uncode-palette&#8221; row_name=&#8221;reconhecimentos&#8221;][vc_column column_width_percent=&#8221;100&#8243; gutter_size=&#8221;4&#8243; overlay_alpha=&#8221;50&#8243; shift_x=&#8221;0&#8243; shift_y=&#8221;0&#8243; shift_y_down=&#8221;0&#8243; z_index=&#8221;0&#8243; medium_width=&#8221;0&#8243; mobile_width=&#8221;0&#8243; width=&#8221;8\/12&#8243; uncode_shortcode_id=&#8221;862623&#8243;][vc_custom_heading text_color=&#8221;color-jevc&#8221; heading_semantic=&#8221;h1&#8243; text_size=&#8221;titulo-h1&#8243; text_weight=&#8221;400&#8243; text_transform=&#8221;uppercase&#8221; uncode_shortcode_id=&#8221;995980&#8243; text_color_type=&#8221;uncode-palette&#8221;]04 <span class=\"titulo-especial2\">\/ RECONHECIMENTOS<\/span>[\/vc_custom_heading][vc_empty_space empty_h=&#8221;2&#8243;][vc_custom_heading heading_semantic=&#8221;h3&#8243; text_size=&#8221;seccion-h3&#8243; uncode_shortcode_id=&#8221;159290&#8243; el_class=&#8221;margin-arriba&#8221;]ARD\u00c1N DE EMPRESA FINANCEIRAMENTE FORTE 2023[\/vc_custom_heading][vc_custom_heading heading_semantic=&#8221;p&#8221; text_font=&#8221;fuente-principal&#8221; text_size=&#8221;text-normal&#8221; text_weight=&#8221;400&#8243; uncode_shortcode_id=&#8221;580431&#8243; el_class=&#8221;no-margin&#8221;]Consorcio Zona Franca de Vigo[\/vc_custom_heading][vc_custom_heading heading_semantic=&#8221;h3&#8243; text_size=&#8221;seccion-h3&#8243; uncode_shortcode_id=&#8221;207614&#8243; el_class=&#8221;margin-arriba&#8221;]EMPRESA TITULAR DE ALVAR\u00c1 DE EMPREITEIRO DE OBRAS P\u00daBLICAS[\/vc_custom_heading][vc_custom_heading heading_semantic=&#8221;h3&#8243; text_size=&#8221;seccion-h3&#8243; uncode_shortcode_id=&#8221;138235&#8243; el_class=&#8221;margin-arriba&#8221;]ARD\u00c1N DE EMPRESA BIEN GESTIONADA 2021[\/vc_custom_heading][vc_custom_heading heading_semantic=&#8221;p&#8221; text_font=&#8221;fuente-principal&#8221; text_size=&#8221;text-normal&#8221; text_weight=&#8221;400&#8243; uncode_shortcode_id=&#8221;580431&#8243; el_class=&#8221;no-margin&#8221;]Consorcio Zona Franca de Vigo[\/vc_custom_heading][vc_custom_heading heading_semantic=&#8221;h3&#8243; text_size=&#8221;seccion-h3&#8243; uncode_shortcode_id=&#8221;743178&#8243; el_class=&#8221;margin-arriba&#8221;]ARD\u00c1N DE EMPRESA BIEN GESTIONADA 2020[\/vc_custom_heading][vc_custom_heading heading_semantic=&#8221;p&#8221; text_font=&#8221;fuente-principal&#8221; text_size=&#8221;text-normal&#8221; text_weight=&#8221;400&#8243; uncode_shortcode_id=&#8221;164887&#8243; el_class=&#8221;no-margin&#8221;]Consorcio Zona Franca de Vigo[\/vc_custom_heading][vc_custom_heading heading_semantic=&#8221;h3&#8243; text_size=&#8221;seccion-h3&#8243; uncode_shortcode_id=&#8221;134321&#8243; el_class=&#8221;margin-arriba&#8221;]ARD\u00c1N DE EMPRESA BIEN GESTIONADA 2019[\/vc_custom_heading][vc_custom_heading heading_semantic=&#8221;p&#8221; text_font=&#8221;fuente-principal&#8221; text_size=&#8221;text-normal&#8221; text_weight=&#8221;400&#8243; uncode_shortcode_id=&#8221;838271&#8243; el_class=&#8221;no-margin&#8221;]Consorcio Zona Franca de Vigo[\/vc_custom_heading][vc_custom_heading heading_semantic=&#8221;h3&#8243; text_size=&#8221;seccion-h3&#8243; uncode_shortcode_id=&#8221;153112&#8243; el_class=&#8221;margin-arriba&#8221;]PREMIO PYME DEL A\u00d1O DE PONTEVEDRA 2019[\/vc_custom_heading][vc_custom_heading heading_semantic=&#8221;p&#8221; text_font=&#8221;fuente-principal&#8221; text_size=&#8221;text-normal&#8221; text_weight=&#8221;400&#8243; uncode_shortcode_id=&#8221;196324&#8243; el_class=&#8221;no-margin&#8221;]C\u00e1mara de Comercio[\/vc_custom_heading][vc_custom_heading heading_semantic=&#8221;h3&#8243; text_size=&#8221;seccion-h3&#8243; uncode_shortcode_id=&#8221;456577&#8243; el_class=&#8221;margin-arriba&#8221;]ARD\u00c1N DE EMPRESA DE ALTA PRODUCTIVIDAD 2017[\/vc_custom_heading][vc_custom_heading heading_semantic=&#8221;p&#8221; text_font=&#8221;fuente-principal&#8221; text_size=&#8221;text-normal&#8221; text_weight=&#8221;400&#8243; uncode_shortcode_id=&#8221;177822&#8243; el_class=&#8221;no-margin&#8221;]Consorcio Zona Franca de Vigo[\/vc_custom_heading][vc_custom_heading heading_semantic=&#8221;h3&#8243; text_size=&#8221;seccion-h3&#8243; uncode_shortcode_id=&#8221;210009&#8243; el_class=&#8221;margin-arriba&#8221;]ARD\u00c1N DE EMPRESA BIEN GESTIONADA 2017[\/vc_custom_heading][vc_custom_heading heading_semantic=&#8221;p&#8221; text_font=&#8221;fuente-principal&#8221; text_size=&#8221;text-normal&#8221; text_weight=&#8221;400&#8243; uncode_shortcode_id=&#8221;637509&#8243; el_class=&#8221;no-margin&#8221;]Consorcio Zona Franca de Vigo[\/vc_custom_heading][vc_custom_heading heading_semantic=&#8221;h3&#8243; text_size=&#8221;seccion-h3&#8243; uncode_shortcode_id=&#8221;601079&#8243; el_class=&#8221;margin-arriba&#8221;]2010 &#8211; PLASTERBOARD CATEGORY WINNER[\/vc_custom_heading][vc_custom_heading heading_semantic=&#8221;p&#8221; text_font=&#8221;fuente-principal&#8221; text_size=&#8221;text-normal&#8221; text_weight=&#8221;400&#8243; uncode_shortcode_id=&#8221;875977&#8243; el_class=&#8221;no-margin&#8221;]City of Culture Santiago de Compostela[\/vc_custom_heading][\/vc_column][vc_column column_width_percent=&#8221;100&#8243; gutter_size=&#8221;3&#8243; overlay_alpha=&#8221;50&#8243; shift_x=&#8221;0&#8243; shift_y=&#8221;0&#8243; shift_y_down=&#8221;0&#8243; z_index=&#8221;0&#8243; medium_visibility=&#8221;yes&#8221; medium_width=&#8221;0&#8243; mobile_visibility=&#8221;yes&#8221; mobile_width=&#8221;0&#8243; width=&#8221;4\/12&#8243; uncode_shortcode_id=&#8221;207555&#8243;][\/vc_column][\/vc_row][vc_row row_height_percent=&#8221;0&#8243; override_padding=&#8221;yes&#8221; h_padding=&#8221;2&#8243; top_padding=&#8221;5&#8243; bottom_padding=&#8221;5&#8243; overlay_alpha=&#8221;50&#8243; gutter_size=&#8221;3&#8243; column_width_percent=&#8221;100&#8243; shift_y=&#8221;0&#8243; z_index=&#8221;0&#8243; uncode_shortcode_id=&#8221;958432&#8243; row_name=&#8221;clientes&#8221;][vc_column width=&#8221;1\/1&#8243;][vc_custom_heading text_color=&#8221;color-jevc&#8221; heading_semantic=&#8221;h1&#8243; text_size=&#8221;titulo-h1&#8243; text_weight=&#8221;400&#8243; text_transform=&#8221;uppercase&#8221; uncode_shortcode_id=&#8221;121412&#8243; text_color_type=&#8221;uncode-palette&#8221;]05 <span class=\"titulo-especial2\">\/ ALGUNS DOS NOSSOS CLIENTES<\/span>[\/vc_custom_heading][vc_empty_space empty_h=&#8221;2&#8243;][vc_raw_html]JTVCdmlldy1sb2dvcyU1RA==[\/vc_raw_html][\/vc_column][\/vc_row]<\/p>\n<\/div>","protected":false},"excerpt":{"rendered":"<p>[vc_row unlock_row_content=&#8221;yes&#8221; row_height_percent=&#8221;0&#8243; override_padding=&#8221;yes&#8221; h_padding=&#8221;0&#8243; top_padding=&#8221;7&#8243; bottom_padding=&#8221;5&#8243; back_color=&#8221;color-xsdn&#8221; overlay_alpha=&#8221;50&#8243; gutter_size=&#8221;4&#8243; column_width_percent=&#8221;100&#8243; shift_y=&#8221;0&#8243; z_index=&#8221;0&#8243; uncode_shortcode_id=&#8221;194003&#8243; back_color_type=&#8221;uncode-palette&#8221; el_class=&#8221;fila-plaintec&#8221;][vc_column column_width_percent=&#8221;100&#8243; position_vertical=&#8221;bottom&#8221; gutter_size=&#8221;3&#8243; overlay_alpha=&#8221;50&#8243; [&hellip;]<\/p>\n","protected":false},"author":1,"featured_media":759,"parent":0,"menu_order":0,"comment_status":"closed","ping_status":"closed","template":"","meta":{"footnotes":""},"class_list":["post-1182","page","type-page","status-publish","has-post-thumbnail","hentry"],"yoast_head":"<!-- This site is optimized with the Yoast SEO plugin v27.5 - https:\/\/yoast.com\/product\/yoast-seo-wordpress\/ -->\n<title>Inicio - Plaintec<\/title>\n<meta name=\"description\" content=\"PLAINTEC nasce en 1999, fruto da inquieta\u00e7\u00e3o de um grupo de jovens t\u00e9cnicos, com o objetivo de oferecer novas soluc\u00f5es e m\u00e9todos de trabalho a um setor maduro como o da constru\u00e7\u00e3o.\" \/>\n<meta name=\"robots\" content=\"index, follow, max-snippet:-1, max-image-preview:large, max-video-preview:-1\" \/>\n<link rel=\"canonical\" href=\"https:\/\/www.plaintec.com\/pt-pt\/\" \/>\n<meta property=\"og:locale\" content=\"pt_PT\" \/>\n<meta property=\"og:type\" content=\"article\" \/>\n<meta property=\"og:title\" content=\"Inicio - Plaintec\" \/>\n<meta property=\"og:description\" content=\"PLAINTEC nasce en 1999, fruto da inquieta\u00e7\u00e3o de um grupo de jovens t\u00e9cnicos, com o objetivo de oferecer novas soluc\u00f5es e m\u00e9todos de trabalho a um setor maduro como o da constru\u00e7\u00e3o.\" \/>\n<meta property=\"og:url\" content=\"https:\/\/www.plaintec.com\/pt-pt\/\" \/>\n<meta property=\"og:site_name\" content=\"Plaintec\" \/>\n<meta property=\"article:modified_time\" content=\"2025-09-08T06:32:10+00:00\" \/>\n<meta property=\"og:image\" content=\"https:\/\/www.plaintec.com\/wp-content\/uploads\/2021\/12\/plaintec-01-1.jpg\" \/>\n\t<meta property=\"og:image:width\" content=\"1114\" \/>\n\t<meta property=\"og:image:height\" content=\"1000\" \/>\n\t<meta property=\"og:image:type\" content=\"image\/jpeg\" \/>\n<meta name=\"twitter:card\" content=\"summary_large_image\" \/>\n<meta name=\"twitter:label1\" content=\"Tempo estimado de leitura\" \/>\n\t<meta name=\"twitter:data1\" content=\"8 minutos\" \/>\n<script type=\"application\/ld+json\" class=\"yoast-schema-graph\">{\"@context\":\"https:\\\/\\\/schema.org\",\"@graph\":[{\"@type\":\"WebPage\",\"@id\":\"https:\\\/\\\/www.plaintec.com\\\/pt-pt\\\/\",\"url\":\"https:\\\/\\\/www.plaintec.com\\\/pt-pt\\\/\",\"name\":\"Inicio - Plaintec\",\"isPartOf\":{\"@id\":\"https:\\\/\\\/www.plaintec.com\\\/pt-pt\\\/#website\"},\"primaryImageOfPage\":{\"@id\":\"https:\\\/\\\/www.plaintec.com\\\/pt-pt\\\/#primaryimage\"},\"image\":{\"@id\":\"https:\\\/\\\/www.plaintec.com\\\/pt-pt\\\/#primaryimage\"},\"thumbnailUrl\":\"https:\\\/\\\/www.plaintec.com\\\/wp-content\\\/uploads\\\/2021\\\/12\\\/plaintec-01-1.jpg\",\"datePublished\":\"2022-02-16T12:30:25+00:00\",\"dateModified\":\"2025-09-08T06:32:10+00:00\",\"description\":\"PLAINTEC nasce en 1999, fruto da inquieta\u00e7\u00e3o de um grupo de jovens t\u00e9cnicos, com o objetivo de oferecer novas soluc\u00f5es e m\u00e9todos de trabalho a um setor maduro como o da constru\u00e7\u00e3o.\",\"inLanguage\":\"pt-PT\",\"potentialAction\":[{\"@type\":\"ReadAction\",\"target\":[\"https:\\\/\\\/www.plaintec.com\\\/pt-pt\\\/\"]}]},{\"@type\":\"ImageObject\",\"inLanguage\":\"pt-PT\",\"@id\":\"https:\\\/\\\/www.plaintec.com\\\/pt-pt\\\/#primaryimage\",\"url\":\"https:\\\/\\\/www.plaintec.com\\\/wp-content\\\/uploads\\\/2021\\\/12\\\/plaintec-01-1.jpg\",\"contentUrl\":\"https:\\\/\\\/www.plaintec.com\\\/wp-content\\\/uploads\\\/2021\\\/12\\\/plaintec-01-1.jpg\",\"width\":1114,\"height\":1000},{\"@type\":\"WebSite\",\"@id\":\"https:\\\/\\\/www.plaintec.com\\\/pt-pt\\\/#website\",\"url\":\"https:\\\/\\\/www.plaintec.com\\\/pt-pt\\\/\",\"name\":\"Plaintec\",\"description\":\"Construimos tu proyecto\",\"potentialAction\":[{\"@type\":\"SearchAction\",\"target\":{\"@type\":\"EntryPoint\",\"urlTemplate\":\"https:\\\/\\\/www.plaintec.com\\\/pt-pt\\\/?s={search_term_string}\"},\"query-input\":{\"@type\":\"PropertyValueSpecification\",\"valueRequired\":true,\"valueName\":\"search_term_string\"}}],\"inLanguage\":\"pt-PT\"}]}<\/script>\n<!-- \/ Yoast SEO plugin. -->","yoast_head_json":{"title":"Inicio - Plaintec","description":"PLAINTEC nasce en 1999, fruto da inquieta\u00e7\u00e3o de um grupo de jovens t\u00e9cnicos, com o objetivo de oferecer novas soluc\u00f5es e m\u00e9todos de trabalho a um setor maduro como o da constru\u00e7\u00e3o.","robots":{"index":"index","follow":"follow","max-snippet":"max-snippet:-1","max-image-preview":"max-image-preview:large","max-video-preview":"max-video-preview:-1"},"canonical":"https:\/\/www.plaintec.com\/pt-pt\/","og_locale":"pt_PT","og_type":"article","og_title":"Inicio - Plaintec","og_description":"PLAINTEC nasce en 1999, fruto da inquieta\u00e7\u00e3o de um grupo de jovens t\u00e9cnicos, com o objetivo de oferecer novas soluc\u00f5es e m\u00e9todos de trabalho a um setor maduro como o da constru\u00e7\u00e3o.","og_url":"https:\/\/www.plaintec.com\/pt-pt\/","og_site_name":"Plaintec","article_modified_time":"2025-09-08T06:32:10+00:00","og_image":[{"width":1114,"height":1000,"url":"https:\/\/www.plaintec.com\/wp-content\/uploads\/2021\/12\/plaintec-01-1.jpg","type":"image\/jpeg"}],"twitter_card":"summary_large_image","twitter_misc":{"Tempo estimado de leitura":"8 minutos"},"schema":{"@context":"https:\/\/schema.org","@graph":[{"@type":"WebPage","@id":"https:\/\/www.plaintec.com\/pt-pt\/","url":"https:\/\/www.plaintec.com\/pt-pt\/","name":"Inicio - Plaintec","isPartOf":{"@id":"https:\/\/www.plaintec.com\/pt-pt\/#website"},"primaryImageOfPage":{"@id":"https:\/\/www.plaintec.com\/pt-pt\/#primaryimage"},"image":{"@id":"https:\/\/www.plaintec.com\/pt-pt\/#primaryimage"},"thumbnailUrl":"https:\/\/www.plaintec.com\/wp-content\/uploads\/2021\/12\/plaintec-01-1.jpg","datePublished":"2022-02-16T12:30:25+00:00","dateModified":"2025-09-08T06:32:10+00:00","description":"PLAINTEC nasce en 1999, fruto da inquieta\u00e7\u00e3o de um grupo de jovens t\u00e9cnicos, com o objetivo de oferecer novas soluc\u00f5es e m\u00e9todos de trabalho a um setor maduro como o da constru\u00e7\u00e3o.","inLanguage":"pt-PT","potentialAction":[{"@type":"ReadAction","target":["https:\/\/www.plaintec.com\/pt-pt\/"]}]},{"@type":"ImageObject","inLanguage":"pt-PT","@id":"https:\/\/www.plaintec.com\/pt-pt\/#primaryimage","url":"https:\/\/www.plaintec.com\/wp-content\/uploads\/2021\/12\/plaintec-01-1.jpg","contentUrl":"https:\/\/www.plaintec.com\/wp-content\/uploads\/2021\/12\/plaintec-01-1.jpg","width":1114,"height":1000},{"@type":"WebSite","@id":"https:\/\/www.plaintec.com\/pt-pt\/#website","url":"https:\/\/www.plaintec.com\/pt-pt\/","name":"Plaintec","description":"Construimos tu proyecto","potentialAction":[{"@type":"SearchAction","target":{"@type":"EntryPoint","urlTemplate":"https:\/\/www.plaintec.com\/pt-pt\/?s={search_term_string}"},"query-input":{"@type":"PropertyValueSpecification","valueRequired":true,"valueName":"search_term_string"}}],"inLanguage":"pt-PT"}]}},"_links":{"self":[{"href":"https:\/\/www.plaintec.com\/pt-pt\/wp-json\/wp\/v2\/pages\/1182","targetHints":{"allow":["GET"]}}],"collection":[{"href":"https:\/\/www.plaintec.com\/pt-pt\/wp-json\/wp\/v2\/pages"}],"about":[{"href":"https:\/\/www.plaintec.com\/pt-pt\/wp-json\/wp\/v2\/types\/page"}],"author":[{"embeddable":true,"href":"https:\/\/www.plaintec.com\/pt-pt\/wp-json\/wp\/v2\/users\/1"}],"replies":[{"embeddable":true,"href":"https:\/\/www.plaintec.com\/pt-pt\/wp-json\/wp\/v2\/comments?post=1182"}],"version-history":[{"count":51,"href":"https:\/\/www.plaintec.com\/pt-pt\/wp-json\/wp\/v2\/pages\/1182\/revisions"}],"predecessor-version":[{"id":12683,"href":"https:\/\/www.plaintec.com\/pt-pt\/wp-json\/wp\/v2\/pages\/1182\/revisions\/12683"}],"wp:featuredmedia":[{"embeddable":true,"href":"https:\/\/www.plaintec.com\/pt-pt\/wp-json\/wp\/v2\/media\/759"}],"wp:attachment":[{"href":"https:\/\/www.plaintec.com\/pt-pt\/wp-json\/wp\/v2\/media?parent=1182"}],"curies":[{"name":"wp","href":"https:\/\/api.w.org\/{rel}","templated":true}]}}